{"id":1368,"date":"2015-11-24T17:02:10","date_gmt":"2015-11-24T15:02:10","guid":{"rendered":"http:\/\/markahikayecisi.com\/?post_type=gallery&#038;p=1368"},"modified":"2015-11-24T17:10:41","modified_gmt":"2015-11-24T15:10:41","slug":"kislik-dolcegabbana","status":"publish","type":"gallery","link":"https:\/\/markahikayecisi.com\/?gallery=kislik-dolcegabbana","title":{"rendered":"K\u0131\u015fl\u0131k Dolce&#038;Gabbana"},"content":{"rendered":"<p><a href=\"http:\/\/markahikayecisi.com\/wp-content\/uploads\/2015\/11\/dolce-gabbana-winter2.jpg\"><img fetchpriority=\"high\" decoding=\"async\" class=\"alignleft size-medium wp-image-1370\" src=\"http:\/\/markahikayecisi.com\/wp-content\/uploads\/2015\/11\/dolce-gabbana-winter2-225x300.jpg\" alt=\"dolce-gabbana-winter2\" width=\"225\" height=\"300\" srcset=\"https:\/\/markahikayecisi.com\/wp-content\/uploads\/2015\/11\/dolce-gabbana-winter2-225x300.jpg 225w, https:\/\/markahikayecisi.com\/wp-content\/uploads\/2015\/11\/dolce-gabbana-winter2-768x1024.jpg 768w, https:\/\/markahikayecisi.com\/wp-content\/uploads\/2015\/11\/dolce-gabbana-winter2-551x735.jpg 551w, https:\/\/markahikayecisi.com\/wp-content\/uploads\/2015\/11\/dolce-gabbana-winter2-323x430.jpg 323w, https:\/\/markahikayecisi.com\/wp-content\/uploads\/2015\/11\/dolce-gabbana-winter2.jpg 960w\" sizes=\"(max-width: 225px) 100vw, 225px\" \/><\/a>Bu foto\u011fraflar Milano sokaklar\u0131ndan. Dolce&amp;Gabbana k\u0131\u015fa haz\u0131r g\u00f6r\u00fcn\u00fcyor. Vitrinler markan\u0131n son d\u00f6nem kreasyonlar\u0131n\u0131 etraf\u0131nda kurgulad\u0131\u011f\u0131 &#8216;aile&#8217; konseptiyle birebir uyum i\u00e7inde. Dolce&amp;Gabbana renk ve dekor kullan\u0131m\u0131yla yine dikkatleri vitrinde toplamay\u0131 ba\u015farm\u0131\u015f. Ve\u00a0esas dikkati vitrindeki karma\u015fa \u00e7ekiyor!<\/p>\n<p>Buras\u0131 i\u00e7erisi mi, d\u0131\u015far\u0131s\u0131 m\u0131? Kullan\u0131lan u\u00e7uk pembe zemin hal\u0131 m\u0131 kar m\u0131? Vitrinin i\u00e7inde hava so\u011fuk mu \u0131l\u0131k m\u0131? \u00c7ocuklar vitrindeki kad\u0131nla ba\u011flant\u0131l\u0131 m\u0131, alakas\u0131z m\u0131?<\/p>\n","protected":false},"featured_media":1369,"template":"","meta":{"ngg_post_thumbnail":0},"gallery-categories":[],"yoast_head":"<!-- This site is optimized with the Yoast SEO plugin v23.5 - https:\/\/yoast.com\/wordpress\/plugins\/seo\/ -->\n<title>K\u0131\u015fl\u0131k Dolce&amp;Gabbana - MarkaHikayecisi<\/title>\n<meta name=\"robots\" content=\"index, follow, max-snippet:-1, max-image-preview:large, max-video-preview:-1\" \/>\n<link rel=\"canonical\" href=\"https:\/\/markahikayecisi.com\/?gallery=kislik-dolcegabbana\" \/>\n<meta property=\"og:locale\" content=\"tr_TR\" \/>\n<meta property=\"og:type\" content=\"article\" \/>\n<meta property=\"og:title\" content=\"K\u0131\u015fl\u0131k Dolce&amp;Gabbana - MarkaHikayecisi\" \/>\n<meta property=\"og:description\" content=\"Bu foto\u011fraflar Milano sokaklar\u0131ndan. Dolce&amp;Gabbana k\u0131\u015fa haz\u0131r g\u00f6r\u00fcn\u00fcyor. Vitrinler markan\u0131n son d\u00f6nem kreasyonlar\u0131n\u0131 etraf\u0131nda kurgulad\u0131\u011f\u0131 &#8216;aile&#8217;...\" \/>\n<meta property=\"og:url\" content=\"https:\/\/markahikayecisi.com\/?gallery=kislik-dolcegabbana\" \/>\n<meta property=\"og:site_name\" content=\"MarkaHikayecisi\" \/>\n<meta property=\"article:modified_time\" content=\"2015-11-24T15:10:41+00:00\" \/>\n<meta property=\"og:image\" content=\"https:\/\/markahikayecisi.com\/wp-content\/uploads\/2015\/11\/dolcegabbana-winter.jpg\" \/>\n\t<meta property=\"og:image:width\" content=\"960\" \/>\n\t<meta property=\"og:image:height\" content=\"1280\" \/>\n\t<meta property=\"og:image:type\" content=\"image\/jpeg\" \/>\n<meta name=\"twitter:card\" content=\"summary_large_image\" \/>\n<script type=\"application\/ld+json\" class=\"yoast-schema-graph\">{\"@context\":\"https:\/\/schema.org\",\"@graph\":[{\"@type\":\"WebPage\",\"@id\":\"https:\/\/markahikayecisi.com\/?gallery=kislik-dolcegabbana\",\"url\":\"https:\/\/markahikayecisi.com\/?gallery=kislik-dolcegabbana\",\"name\":\"K\u0131\u015fl\u0131k Dolce&Gabbana - MarkaHikayecisi\",\"isPartOf\":{\"@id\":\"https:\/\/markahikayecisi.com\/#website\"},\"primaryImageOfPage\":{\"@id\":\"https:\/\/markahikayecisi.com\/?gallery=kislik-dolcegabbana#primaryimage\"},\"image\":{\"@id\":\"https:\/\/markahikayecisi.com\/?gallery=kislik-dolcegabbana#primaryimage\"},\"thumbnailUrl\":\"https:\/\/markahikayecisi.com\/wp-content\/uploads\/2015\/11\/dolcegabbana-winter.jpg\",\"datePublished\":\"2015-11-24T15:02:10+00:00\",\"dateModified\":\"2015-11-24T15:10:41+00:00\",\"breadcrumb\":{\"@id\":\"https:\/\/markahikayecisi.com\/?gallery=kislik-dolcegabbana#breadcrumb\"},\"inLanguage\":\"tr\",\"potentialAction\":[{\"@type\":\"ReadAction\",\"target\":[\"https:\/\/markahikayecisi.com\/?gallery=kislik-dolcegabbana\"]}]},{\"@type\":\"ImageObject\",\"inLanguage\":\"tr\",\"@id\":\"https:\/\/markahikayecisi.com\/?gallery=kislik-dolcegabbana#primaryimage\",\"url\":\"https:\/\/markahikayecisi.com\/wp-content\/uploads\/2015\/11\/dolcegabbana-winter.jpg\",\"contentUrl\":\"https:\/\/markahikayecisi.com\/wp-content\/uploads\/2015\/11\/dolcegabbana-winter.jpg\",\"width\":960,\"height\":1280},{\"@type\":\"BreadcrumbList\",\"@id\":\"https:\/\/markahikayecisi.com\/?gallery=kislik-dolcegabbana#breadcrumb\",\"itemListElement\":[{\"@type\":\"ListItem\",\"position\":1,\"name\":\"Anasayfa\",\"item\":\"https:\/\/markahikayecisi.com\/\"},{\"@type\":\"ListItem\",\"position\":2,\"name\":\"Gallery\",\"item\":\"https:\/\/markahikayecisi.com\/?post_type=gallery\"},{\"@type\":\"ListItem\",\"position\":3,\"name\":\"K\u0131\u015fl\u0131k Dolce&#038;Gabbana\"}]},{\"@type\":\"WebSite\",\"@id\":\"https:\/\/markahikayecisi.com\/#website\",\"url\":\"https:\/\/markahikayecisi.com\/\",\"name\":\"MarkaHikayecisi\",\"description\":\"Moda, Tasar\u0131m ve L\u00fcks T\u00fcketim Pazarlamas\u0131 \u00dczerine\",\"potentialAction\":[{\"@type\":\"SearchAction\",\"target\":{\"@type\":\"EntryPoint\",\"urlTemplate\":\"https:\/\/markahikayecisi.com\/?s={search_term_string}\"},\"query-input\":{\"@type\":\"PropertyValueSpecification\",\"valueRequired\":true,\"valueName\":\"search_term_string\"}}],\"inLanguage\":\"tr\"}]}<\/script>\n<!-- \/ Yoast SEO plugin. -->","yoast_head_json":{"title":"K\u0131\u015fl\u0131k Dolce&Gabbana - MarkaHikayecisi","robots":{"index":"index","follow":"follow","max-snippet":"max-snippet:-1","max-image-preview":"max-image-preview:large","max-video-preview":"max-video-preview:-1"},"canonical":"https:\/\/markahikayecisi.com\/?gallery=kislik-dolcegabbana","og_locale":"tr_TR","og_type":"article","og_title":"K\u0131\u015fl\u0131k Dolce&Gabbana - MarkaHikayecisi","og_description":"Bu foto\u011fraflar Milano sokaklar\u0131ndan. Dolce&amp;Gabbana k\u0131\u015fa haz\u0131r g\u00f6r\u00fcn\u00fcyor. Vitrinler markan\u0131n son d\u00f6nem kreasyonlar\u0131n\u0131 etraf\u0131nda kurgulad\u0131\u011f\u0131 &#8216;aile&#8217;...","og_url":"https:\/\/markahikayecisi.com\/?gallery=kislik-dolcegabbana","og_site_name":"MarkaHikayecisi","article_modified_time":"2015-11-24T15:10:41+00:00","og_image":[{"width":960,"height":1280,"url":"https:\/\/markahikayecisi.com\/wp-content\/uploads\/2015\/11\/dolcegabbana-winter.jpg","type":"image\/jpeg"}],"twitter_card":"summary_large_image","schema":{"@context":"https:\/\/schema.org","@graph":[{"@type":"WebPage","@id":"https:\/\/markahikayecisi.com\/?gallery=kislik-dolcegabbana","url":"https:\/\/markahikayecisi.com\/?gallery=kislik-dolcegabbana","name":"K\u0131\u015fl\u0131k Dolce&Gabbana - MarkaHikayecisi","isPartOf":{"@id":"https:\/\/markahikayecisi.com\/#website"},"primaryImageOfPage":{"@id":"https:\/\/markahikayecisi.com\/?gallery=kislik-dolcegabbana#primaryimage"},"image":{"@id":"https:\/\/markahikayecisi.com\/?gallery=kislik-dolcegabbana#primaryimage"},"thumbnailUrl":"https:\/\/markahikayecisi.com\/wp-content\/uploads\/2015\/11\/dolcegabbana-winter.jpg","datePublished":"2015-11-24T15:02:10+00:00","dateModified":"2015-11-24T15:10:41+00:00","breadcrumb":{"@id":"https:\/\/markahikayecisi.com\/?gallery=kislik-dolcegabbana#breadcrumb"},"inLanguage":"tr","potentialAction":[{"@type":"ReadAction","target":["https:\/\/markahikayecisi.com\/?gallery=kislik-dolcegabbana"]}]},{"@type":"ImageObject","inLanguage":"tr","@id":"https:\/\/markahikayecisi.com\/?gallery=kislik-dolcegabbana#primaryimage","url":"https:\/\/markahikayecisi.com\/wp-content\/uploads\/2015\/11\/dolcegabbana-winter.jpg","contentUrl":"https:\/\/markahikayecisi.com\/wp-content\/uploads\/2015\/11\/dolcegabbana-winter.jpg","width":960,"height":1280},{"@type":"BreadcrumbList","@id":"https:\/\/markahikayecisi.com\/?gallery=kislik-dolcegabbana#breadcrumb","itemListElement":[{"@type":"ListItem","position":1,"name":"Anasayfa","item":"https:\/\/markahikayecisi.com\/"},{"@type":"ListItem","position":2,"name":"Gallery","item":"https:\/\/markahikayecisi.com\/?post_type=gallery"},{"@type":"ListItem","position":3,"name":"K\u0131\u015fl\u0131k Dolce&#038;Gabbana"}]},{"@type":"WebSite","@id":"https:\/\/markahikayecisi.com\/#website","url":"https:\/\/markahikayecisi.com\/","name":"MarkaHikayecisi","description":"Moda, Tasar\u0131m ve L\u00fcks T\u00fcketim Pazarlamas\u0131 \u00dczerine","potentialAction":[{"@type":"SearchAction","target":{"@type":"EntryPoint","urlTemplate":"https:\/\/markahikayecisi.com\/?s={search_term_string}"},"query-input":{"@type":"PropertyValueSpecification","valueRequired":true,"valueName":"search_term_string"}}],"inLanguage":"tr"}]}},"_links":{"self":[{"href":"https:\/\/markahikayecisi.com\/index.php?rest_route=\/wp\/v2\/gallery\/1368"}],"collection":[{"href":"https:\/\/markahikayecisi.com\/index.php?rest_route=\/wp\/v2\/gallery"}],"about":[{"href":"https:\/\/markahikayecisi.com\/index.php?rest_route=\/wp\/v2\/types\/gallery"}],"wp:featuredmedia":[{"embeddable":true,"href":"https:\/\/markahikayecisi.com\/index.php?rest_route=\/wp\/v2\/media\/1369"}],"wp:attachment":[{"href":"https:\/\/markahikayecisi.com\/index.php?rest_route=%2Fwp%2Fv2%2Fmedia&parent=1368"}],"wp:term":[{"taxonomy":"gallery-categories","embeddable":true,"href":"https:\/\/markahikayecisi.com\/index.php?rest_route=%2Fwp%2Fv2%2Fgallery-categories&post=1368"}],"curies":[{"name":"wp","href":"https:\/\/api.w.org\/{rel}","templated":true}]}}